{"id":37,"date":"2020-12-20T21:56:44","date_gmt":"2020-12-20T21:56:44","guid":{"rendered":"https:\/\/oanaberdila.com\/?page_id=37"},"modified":"2021-04-17T00:08:23","modified_gmt":"2021-04-17T00:08:23","slug":"politica-gdpr","status":"publish","type":"page","link":"https:\/\/oanaberdila.com\/en\/politica-gdpr\/","title":{"rendered":"Politica GDPR"},"content":{"rendered":"<p><strong>Not\u0103 de informare privind prelucrarea datelor cu caracter personal apar\u021bin\u00e2nd reprezentan\u021bilor\/ angaja\u021bilor\/ contactelor profesionale ale partenerilor JOB GRAPH<\/strong><\/p>\n<p><strong>\u00a0<\/strong><\/p>\n<ol>\n<li><strong>ANGAJAMENTUL JOB GRAPH CU PRIVIRE LA PRELUCRAREA DATELOR CU CARACTER PERSONAL<\/strong><\/li>\n<\/ol>\n<p style=\"text-align: justify;\">JOB GRAPH S.R.L.(\u00een continuare denumit\u0103 \u201e<strong>JOB GRAPH<\/strong>\u201d) se angajeaz\u0103 s\u0103 implementeze standarde de confiden\u021bialitate \u0219i transparen\u021b\u0103 cu privire la datele cu caracter personal pe care le prelucreaz\u0103 \u00een activitatea curent\u0103, \u00een conformitate cu principiile prev\u0103zute de legisla\u021bia privind protec\u021bia datelor aplicabil\u0103 \u00een Rom\u00e2nia, inclusiv Regulamentul (UE) 2016\/679 privind protec\u021bia persoanelor fizice \u00een ceea ce prive\u0219te prelucrarea datelor cu caracter personal \u0219i privind libera circula\u021bie a acestor date \u0219i de abrogare a Directivei 95\/46 \/ CE (\u00een continuare denumit \u201e<strong>Regulamentul<\/strong>\u201d sau \u201e<strong>GDPR<\/strong>\u201d).<\/p>\n<p style=\"text-align: justify;\"><em>Datele cu caracter personal<\/em>\u00a0\u00eenseamn\u0103 orice informa\u021bie referitoare la o persoan\u0103 fizic\u0103 identificat\u0103 sau identificabil\u0103, iar o\u00a0<em>persoan\u0103 identificabil\u0103<\/em>\u00a0este acea persoan\u0103 care poate fi identificat\u0103, direct sau indirect, \u00een special prin referire la un element de identificare sau la unul sau mai multe elemente specifice, proprii identit\u0103\u021bii sale fizice, fiziologice, genetice, psihice, economice, culturale sau sociale;<\/p>\n<p style=\"text-align: justify;\">Aceast\u0103 not\u0103 de informare prive\u0219te datele personale ale partenerilor no\u0219tri de afaceri, ale altor persoane care ne contacteaz\u0103 \u0219i care ne viziteaz\u0103 \u0219i ale reprezentan\u021bilor sau contactelor ori angaja\u021bilor acestora, \u0219i se aplic\u0103 datelor colectate prin e-mail sau prin alte modalit\u0103\u021bi off-line. Prezenta not\u0103 descrie modul \u00een care prelucr\u0103m datele cu caracter personal \u00een gestionarea rela\u021biei cu partenerii no\u0219tri de afaceri, categoriile datelor dumneavoastr\u0103 pe care le prelucr\u0103m, modalitatea \u0219i scopurile \u00een care le colect\u0103m \u0219i folosim, durata proces\u0103rii acestora date, destinatarii c\u0103tre care transfer\u0103m datele cu caracter personal care v\u0103 privesc \u0219i drepturile dumneavoastr\u0103 \u00een calitate de persoan\u0103 vizat\u0103 \u0219i modul \u00een care le pute\u021bi exercita.<\/p>\n<ol start=\"2\">\n<li><strong>IDENTITATEA OPERATORULUI DE DATE CU CARACTER PERSONAL<\/strong><\/li>\n<\/ol>\n<p style=\"text-align: justify;\">JOB GRAPH S.R.L.(\u201e<strong>JOB GRAPH<\/strong>\u201d) este operatorul datelor dumneavoastr\u0103 cu caracter personal, cu sediul \u00een Str.Elev Popovici N. Nr.4, bl.P50, sc.1, ap.10, Sector 5, Bucure\u0219ti, Rom\u00e2nia, \u00eenregistrat\u0103 la Oficiul Registrului Comer\u021bului sub nr. J40\/7982\/1996, av\u00e2nd CUI RO8814420.<\/p>\n<p>&nbsp;<\/p>\n<ol start=\"3\">\n<li><strong>RESPONSABILUL JOB GRAPH S.R.L. CU PROTEC\u0162IA DATELOR<\/strong><\/li>\n<\/ol>\n<p>Oana BERDILA, <a href=\"mailto:contact@oanaberdila.com\">contact@oanaberdila.com<\/a>\u00a0telefon\u00a0 +4 0770 851 643<\/p>\n<p>&nbsp;<\/p>\n<ol start=\"4\">\n<li><strong>CATEGORII DE DATE CU CARACTER PERSONAL PRELUCRATE<\/strong><\/li>\n<\/ol>\n<p style=\"text-align: justify;\">Datele cu caracter personal pe care le prelucr\u0103m \u00een ceea ce prive\u0219te rela\u021bia cu partenerii no\u0219tri de afaceri pot include:<\/p>\n<ul style=\"text-align: justify;\">\n<li>Informa\u021bii de contact, cum ar fi numele \u0219i prenumele dumneavoastr\u0103, denumirea postului, adresa po\u0219tal\u0103, inclusiv adresa de domiciliu, \u00een cazul \u00een care ne-a\u021bi comunicat-o, adresa profesional\u0103, num\u0103rul de telefon, num\u0103rul de telefon mobil, num\u0103rul de fax \u0219i adresa de e-mail;<\/li>\n<li>Informa\u021bii comerciale suplimentare prelucrate \u00een mod obligatoriu \u00eentr-un proiect sau raport contractual cu JOB GRAPH sau comunicate \u00een mod voluntar de c\u0103tre dumneavoastr\u0103, cum ar fi instruc\u021biuni acordate, pl\u0103\u021bi efectuate, solicit\u0103ri \u0219i proiecte etc.;<\/li>\n<li>Informa\u021bii colectate din surse publice;<\/li>\n<li>Alte date cu caracter personal privind preferin\u021bele dumneavoastr\u0103, dac\u0103 se dovedesc relevante \u00een cadrul rela\u021biilor de afaceri desf\u0103\u0219urate \u00eentre p\u0103r\u021bi;<\/li>\n<li>Detalii ale vizitelor dumneavoastr\u0103 la birourile noastre sau ale \u00eent\u00e2lnirilor cu dumneavoastr\u0103;<\/li>\n<li>Alte date cu caracter personal furnizate de obicei de dumneavoastr\u0103, dup\u0103 cum este necesar pentru a \u00eendeplini scopurile permise prev\u0103zute \u00een continuare.<\/li>\n<\/ul>\n<p style=\"text-align: justify;\">Datele cu caracter personal care v\u0103 privesc sunt furnizate direct de dumneavoastr\u0103 sau provin de la o surs\u0103 ter\u021b\u0103. Spre exemplu, putem colecta date cu caracter personal de la organiza\u021bia dumneavoastr\u0103, alte organiza\u021bii cu care ave\u021bi leg\u0103turi, agen\u021bii guvernamentale, furnizori de informa\u021bii sau servicii sau din baze publice.<\/p>\n<p style=\"text-align: justify;\">\u00cen cazul \u00een care ne furniza\u021bi date cu caracter personal cu privire la o alt\u0103 persoan\u0103 (cum ar fi o persoan\u0103 cu care ave\u021bi rela\u021bii profesionale), ave\u021bi obliga\u021bia de a v\u0103 asigura c\u0103 ave\u021bi dreptul s\u0103 ne divulga\u021bi aceste date cu caracter personal \u0219i c\u0103, f\u0103r\u0103 a mai lua alte m\u0103suri, putem colecta, folosi \u0219i divulga acele date cu caracter personal, a\u0219a cum se descrie \u00een prezenta. \u00cen special, trebuie s\u0103 v\u0103 asigura\u021bi c\u0103 respectiva persoan\u0103 fizic\u0103 are cuno\u0219tin\u021b\u0103 de toate aspectele tratate \u00een prezenta, a\u0219a cum acestea privesc persoana fizic\u0103 respectiv\u0103, inclusiv identitatea noastr\u0103, modul \u00een care ne poate contacta, scopurile \u00een care colect\u0103m, practicile noastre de divulgare a datelor cu caracter personal, dreptul persoanei fizice de a ob\u021bine acces la datele cu caracter personal \u0219i de a depune pl\u00e2ngeri cu privire la gestionarea datelor cu caracter personal, \u0219i consecin\u021bele furniz\u0103rii \u0219i nefurniz\u0103rii datelor cu caracter personal (cum ar fi imposibilitatea noastr\u0103 de a presta servicii).<\/p>\n<ol start=\"5\">\n<li><strong>SCOPURILE \u00ceN CARE SUNT PRELUCRATE DATELE \u0218I TEMEIUL JURIDIC AL PRELUCR\u0102RII<\/strong><\/li>\n<\/ol>\n<p style=\"text-align: justify;\">\u00cen contextul interac\u021biunii cu JOB GRAPH, dumneavoastr\u0103, ca persoan\u0103 fizic\u0103, \u00een calitate de reprezentant legal, angajat sau persoan\u0103 de contact a unui client sau poten\u021bial client, furnizor sau poten\u021bial furnizor ori a altui partener de afaceri al JOB GRAPH, pute\u021bi fi persoan\u0103 vizat\u0103 de activit\u0103\u021bile de prelucrare a datelor pe care le efectu\u0103m.<\/p>\n<p>A\u0219adar, prin prezenta v\u0103 inform\u0103m c\u0103 utiliz\u0103m datele dumneavoastr\u0103 personale \u00een urm\u0103toarele cazuri:<\/p>\n<ul>\n<li><strong>Furnizarea serviciilor solicitate de la noi sau prestarea serviciilor c\u0103tre noi<\/strong><\/li>\n<\/ul>\n<p style=\"text-align: justify;\">\u00cen momentul \u00een care solicita\u021bi sau organiza\u021bia dumneavoastr\u0103 solicit\u0103 prestarea anumitor servicii din domeniul de activitate al JOB GRAPH, folosim datele dumneavoastr\u0103 personale relevante pentru a preg\u0103ti \u0219i a furniza serviciile solicitate de la noi.<\/p>\n<p style=\"text-align: justify;\">\u00cen momentul \u00een care presta\u021bi sau v\u0103 oferi\u021bi s\u0103 presta\u021bi sau organiza\u021bia dumneavoastr\u0103 presteaz\u0103 sau se ofer\u0103 s\u0103 presteze servicii pentru JOB GRAPH, folosim datele dumneavoastr\u0103 personale pentru a asigura derularea serviciilor \u00een condi\u021bii optime \u00een favoarea noastr\u0103.<\/p>\n<p style=\"text-align: justify;\">\u00cen acest sens, vom utiliza datele dumneavoastr\u0103 personale doar pentru urm\u0103toarele scopuri permise:<\/p>\n<ul style=\"text-align: justify;\">\n<li>gestionarea rela\u021biei cu clientul ori furnizorul pe care \u00eel reprezenta\u021bi;<\/li>\n<li>negocierea \u0219i \u00eencheierea contractului cu clientul ori furnizorul;<\/li>\n<li>derularea activit\u0103\u021bilor pe care executarea contractului le presupune, pentru preg\u0103tirea sau solicitarea materialelor necesare, ori pentru a comunica cu dumneavoastr\u0103 \u00een leg\u0103tur\u0103 cu solicit\u0103rile dumneavoastr\u0103 \u0219i pentru orice alte aspecte relevante legate de afaceri;<\/li>\n<li>gestionarea sau administrarea rela\u021biei de afaceri a dumneavoastr\u0103 sau a organiza\u021biei dumneavoastr\u0103 cu JOB GRAPH, inclusiv servicii de procesare a pl\u0103\u021bilor, contabilitate, auditare, facturare \u0219i \u00eencasare, asisten\u021b\u0103;<\/li>\n<li>analizarea \u0219i \u00eembun\u0103t\u0103\u021birea serviciilor \u0219i comunic\u0103rilor noastre c\u0103tre dumneavoastr\u0103;<\/li>\n<li>\u00een scopul monitoriz\u0103rii \u0219i evalu\u0103rii conformit\u0103\u021bii cu politicile \u0219i standardele noastre;<\/li>\n<li>\u00een scopul identific\u0103rii persoanelor autorizate s\u0103 tranzac\u021bioneze \u00een numele clien\u021bilor, furnizorilor \u0219i\/sau partenerilor no\u0219tri;<\/li>\n<li>\u00een scopul respect\u0103rii hot\u0103r\u00e2rilor judec\u0103tore\u0219ti \u0219i exercit\u0103rii \u0219i\/sau ap\u0103r\u0103rii drepturilor noastre legale; \u0219i<\/li>\n<li>\u00een orice scop aferent \u0219i\/sau auxiliar oric\u0103rora dintre cele de mai sus sau orice alt scop pentru care datele dumneavoastr\u0103 cu caracter personal ne-au fost furnizate.<\/li>\n<\/ul>\n<p style=\"text-align: justify;\">Ne baz\u0103m \u00een toate cazurile de mai sus pe\u00a0<strong>temeiul interesului legitim \u00een furnizarea serviciilor noastre \u00een func\u021bie de domeniul nostru de activitate \u0219i gestionarea rela\u021biei cu clien\u021bii no\u0219tri\u00a0<\/strong>ori<strong>\u00a0interesul legitim \u00een accesarea serviciilor furnizate de c\u0103tre partenerii no\u0219tri \u0219i gestionarea rela\u021biei cu furnizorii no\u0219tri<\/strong>.<\/p>\n<ul style=\"text-align: justify;\">\n<li><strong>Prelucrarea datelor ca obliga\u021bie impus\u0103 de lege<\/strong><\/li>\n<\/ul>\n<p style=\"text-align: justify;\">Putem prelucra unele dintre datele dumneavoastr\u0103 \u00een contextul desf\u0103\u0219ur\u0103rii activit\u0103\u021bii comerciale cu organiza\u021bia din care face\u021bi parte, ca urmare a obliga\u021biilor legale privind arhivarea \u0219i p\u0103strarea eviden\u021belor contractelor \u00een baza c\u0103rora p\u0103r\u021bile au derulat rela\u021bii comercial-economice.<\/p>\n<p style=\"text-align: justify;\">De asemenea, putem prelucra datele dumneavoastr\u0103 \u00een contextul modific\u0103rilor structurii capitalului social al JOB GRAPH sau al altei entit\u0103\u021bi \u00een care JOB GRAPH ar putea s\u0103 de\u021bin\u0103 participa\u021bii, dac\u0103 organiza\u021bia din care face\u021bi parte este parte a unei astfel de tranzac\u021bii. \u00cen acest caz, temeiul prelucr\u0103rii pot fi reprezentat de obliga\u021bia legal\u0103 de a divulga anumite date cu caracter personal autorit\u0103\u021bilor publice, \u00een leg\u0103tur\u0103 cu \u00eenregistrarea \u0219i executarea contractului \u00eencheiat de JOB GRAPH \u00een contextul unei astfel de tranzac\u021bii.<\/p>\n<ul style=\"text-align: justify;\">\n<li><strong>Comunicarea voluntar\u0103 a datelor<\/strong><\/li>\n<\/ul>\n<p style=\"text-align: justify;\">Putem colecta date cu caracter personal care v\u0103 privesc \u00een momentul \u00een care ne comunica\u021bi sau organiza\u021bia dumneavoastr\u0103 ne comunic\u0103 voluntar, din orice motiv, datele dumneavoastr\u0103 cu caracter personal.<\/p>\n<p style=\"text-align: justify;\">\u00cen aceast\u0103 situa\u021bie, ne vom asigura c\u0103 prelucrarea datelor respect\u0103 toate cerin\u021bele legale, asigur\u00e2ndu-v\u0103 c\u0103 vom \u0219terge datele dumneavoastr\u0103 \u00een situa\u021bia \u00een care nu vom identifica un temei legal pentru p\u0103strarea acestora \u0219i v\u0103 vom informa \u00een acest sens.<\/p>\n<ol style=\"text-align: justify;\" start=\"6\">\n<li><strong>DEZV\u0102LUIREA DATELOR DUMNEAVOASTR\u0102 CU CARACTER PERSONAL<\/strong><\/li>\n<\/ol>\n<p style=\"text-align: justify;\">Putem dezv\u0103lui datele dumneavoastr\u0103 cu caracter personal \u00een urm\u0103toarele \u00eemprejur\u0103ri:<\/p>\n<ul>\n<li style=\"text-align: justify;\">\u00een cazul \u00een care v-am colectat datele cu caracter personal \u00een cadrul prest\u0103rii serviciilor c\u0103tre un alt client de-al nostru, am putea comunica aceste date clientului respectiv \u0219i, dac\u0103 legea permite, c\u0103tre alte persoane \u00een scopul prest\u0103rii serviciilor respective;<\/li>\n<li style=\"text-align: justify;\">c\u0103tre societ\u0103\u021bi care presteaz\u0103 servicii pentru controale \u00eempotriva sp\u0103l\u0103rii banilor \u0219i \u00een alte scopuri de prevenire a fraudelor \u0219i infrac\u021biunilor \u0219i societ\u0103\u021bi care presteaz\u0103 servicii similare, inclusiv institu\u021bii financiare, birouri de credit \u0219i autorit\u0103\u021bi de reglementare cu care sunt partajate datele respective;<\/li>\n<li style=\"text-align: justify;\">c\u0103tre orice ter\u021b c\u0103ruia \u00eei cesion\u0103m sau nov\u0103m orice drepturi sau obliga\u021bii;<\/li>\n<li style=\"text-align: justify;\">c\u0103tre instan\u021be de judecat\u0103, autorit\u0103\u021bi de aplicare a legii, autorit\u0103\u021bi de reglementare sau avoca\u021bi sau alte persoane, dac\u0103 se dovede\u0219te necesar \u00een mod just \u00een vederea constat\u0103rii, exercit\u0103rii sau ap\u0103r\u0103rii unui drept \u00een justi\u021bie sau a unui drept natural, sau \u00een scopul unui proces de solu\u021bionare a diferendelor;<\/li>\n<li style=\"text-align: justify;\"><strong>c\u0103tre persoanele noastre \u00eemputernicite<\/strong>, \u00een principal prestatori de servicii sau colaboratori ai JOB GRAPH, \u00een vederea prelucr\u0103rii datelor cu caracter personal \u00een scopurile premise prin prezenta, \u00een numele nostru \u0219i doar \u00een conformitate cu instruc\u021biunile noastre. JOB GRAPH va p\u0103stra controlul asupra datelor dumneavoastr\u0103 cu caracter personal \u0219i se va asigura c\u0103 persoanele \u00eemputernicite folosesc m\u0103suri corespunz\u0103toare de protec\u021bie, conform legii aplicabile, pentru a asigura integritatea \u0219i securitatea datelor dumneavoastr\u0103 cu caracter personal;<\/li>\n<\/ul>\n<p><strong>\u00a0<\/strong><\/p>\n<ol start=\"7\">\n<li><strong>ACTUALIZAREA DATELOR DUMNEAVOASTR\u0102 CU CARACTER PERSONAL<\/strong><\/li>\n<\/ol>\n<p style=\"text-align: justify;\">\u00cen cazul \u00een care oricare dintre datele cu caracter personal pe care ni le-a\u021bi furnizat sufer\u0103 modific\u0103ri, spre exemplu dac\u0103 v\u0103 schimba\u021bi prenumele, numele sau adresa de e-mail sau dac\u0103 dori\u021bi s\u0103 anula\u021bi orice fel de cerere c\u0103tre noi, sau dac\u0103 lua\u021bi cuno\u0219tin\u021b\u0103 de faptul c\u0103 de\u021binem orice date cu caracter personal incorecte cu privire la dumneavoastr\u0103, v\u0103 rug\u0103m s\u0103 ne anun\u021ba\u021bi prin comunicarea unui e-mail la <a href=\"mailto:contact@oanaberdila.com\">contact@oanaberdila.com<\/a> .Nu vom fi r\u0103spunz\u0103tori pentru nicio pierdere decurg\u00e2nd din date cu caracter personal incorecte, neautentice, insuficiente sau incomplete pe care ni le furniza\u021bi, dup\u0103 cum nu vom fi r\u0103spunz\u0103tori pentru nicio modificare neprev\u0103zut\u0103 a datelor dumneavoastr\u0103 cu caracter personal.<\/p>\n<p>&nbsp;<\/p>\n<ol start=\"8\">\n<li><strong>PERIOADA STOC\u0102RII DATELOR<\/strong><\/li>\n<\/ol>\n<p style=\"text-align: justify;\">Datele dumneavoastr\u0103 cu caracter personal vor fi p\u0103strate at\u00e2t timp c\u00e2t sunt necesare \u00een mod rezonabil \u00een scopurile permise prin prezenta sau p\u00e2n\u0103 la momentul c\u00e2nd v\u0103 retrage\u021bi consim\u021b\u0103m\u00e2ntul (dac\u0103 acesta este temeiul prelucr\u0103rii) \u0219i JOB GRAPH nu mai are obliga\u021bia legal\u0103 de a continua s\u0103 stocheze datele respective. Cu toate acestea, vom p\u0103stra datele dumneavoastr\u0103 cu caracter personal atunci c\u00e2nd acestea sunt necesare pentru exercitarea sau ap\u0103rarea de c\u0103tre JOB GRAPH a unui drept al dumneavoastr\u0103 sau al altei persoane \u00een justi\u021bie, p\u00e2n\u0103 la finalul perioadei de reten\u021bie relevante sau p\u00e2n\u0103 la solu\u021bionarea respectivelor ac\u021biuni \u00een instan\u021b\u0103.<\/p>\n<p style=\"text-align: justify;\">Cu excep\u021bia cazului \u00een care ne solicita\u021bi \u00een mod expres s\u0103 stoc\u0103m datele dumneavoastr\u0103 cu caracter personal pe termen mai lung sau a cazului \u00een care datele cu caracter personal sunt necesare pentru ap\u0103rarea unui eventual drept \u00een justi\u021bie f\u0103r\u0103 perioad\u0103 de p\u0103strare, datele cu caracter personal vor fi \u0219terse \u00een termen de maximum 30 de ani de la data la care au fost colectate.<\/p>\n<p>&nbsp;<\/p>\n<ol start=\"9\">\n<li><strong>DREPTURILE DUMNEAVOASTR\u0102 CU PRIVIRE LA DATE<\/strong><\/li>\n<\/ol>\n<p>Sub rezerva anumitor condi\u021bii legale, ave\u021bi urm\u0103toarele drepturi \u00een leg\u0103tur\u0103 cu prelucrarea datelor dumneavoastr\u0103 cu caracter personal:<\/p>\n<ul>\n<li>dreptul de acces \u2013 const\u00e2nd \u00een dreptul dreptul de a ob\u0163ine din partea JOB GRAPH o confirmare c\u0103 se prelucreaz\u0103 sau nu date cu caracter personal care o privesc \u0219i, \u00een caz afirmativ, dreptul de a solicita o copie a datelor cu caracter personal referitoare la dumneavoastr\u0103 pe care le de\u021binem; \u00een cazul \u00een care v\u0103 exercita\u021bi acest drept \u00eentr-un mod care este evident abuziv sau nefondat, ne rezerv\u0103m dreptul la rambursarea oric\u0103ror costuri necesare suportate de Societate;<\/li>\n<li>dreptul la rectificarea oric\u0103ror date cu caracter personal incorecte<\/li>\n<li>dreptul la \u0219tergerea datelor, care v\u0103 permite s\u0103 ob\u021bine\u021bi \u0219tergerea datelor dumneavoastr\u0103 cu caracter personal \u00een anumite cazuri (de exemplu, \u00een situa\u021biile \u00een care v-a\u021bi retras consim\u021b\u0103m\u00e2ntul, prelucrarea nu mai este necesar\u0103 pentru scopurile \u00een care au fost colectate sau prelucrarea respectiv\u0103 este contrar\u0103 legii);<\/li>\n<li>dreptul la restric\u021bionarea utiliz\u0103rii de c\u0103tre JOB GRAPH a datelor dumneavoastr\u0103 cu caracter personal, \u00een anumite cazuri (de exemplu, atunci c\u00e2nd contesta\u021bi exactitatea datelor dvs. personale, pentru o perioad\u0103 care ne permite s\u0103 verific\u0103m o astfel de exactitate);<\/li>\n<li>dreptul la portabilitate, care v\u0103 permite s\u0103 primi\u021bi datele personale referitoare la dumneavoastr\u0103 pe care ni le-a\u021bi furnizat, \u00eentr-un format structurat, utilizat \u00een mod obi\u0219nuit \u0219i care poate fi citit automat sau s\u0103 transmite\u021bi aceste date altui operator;<\/li>\n<li>dreptul de a obiecta, care v\u0103 permite s\u0103 v\u0103 opune\u021bi prelucr\u0103rii \u00een continuare a datelor dvs. personale \u00een condi\u021biile \u0219i limitele stabilite de lege;<\/li>\n<\/ul>\n<p>&nbsp;<\/p>\n<p>JOB GRAPH va asigura exerci\u021biul tuturor drepturilor dumneavoastr\u0103.<\/p>\n<p>Dac\u0103 dori\u021bi s\u0103 proceda\u021bi \u00een sensul celor de mai sus, v\u0103 rug\u0103m s\u0103 ne transmite\u021bi un e-mail la adresa <a href=\"mailto:contact@oanaberdila.com\">contact@oanaberdila.com<\/a>\u00a0sau o notificare scris\u0103 la adresa Str.Elev Popovici N. Nr.4, bl.P50, sc.1, ap.10, Sector 5, Bucuresti. Este posibil s\u0103 v\u0103 cerem s\u0103 v\u0103 dovedi\u021bi identitatea comunic\u00e2ndu-ne o copie a unui mijloc valabil de identificare pentru a ne conforma cu obliga\u021biile de securitate pe care le avem \u0219i a \u00eempiedica divulgarea neautorizat\u0103 a datelor.<\/p>\n<p>JOB GRAPH va lua \u00een considerare orice solicit\u0103ri sau pl\u00e2ngeri primite din partea dumneavoastr\u0103 \u0219i v\u0103 vom transmite un r\u0103spuns imediat ce va fi posibil, \u00eens\u0103 nu mai t\u00e2rziu de 1 (una) lun\u0103 de la primirea cererii.<\/p>\n<p>Dac\u0103 nu sunte\u021bi mul\u021bumit de r\u0103spunsul nostru, pute\u021bi adresa o pl\u00e2ngere c\u0103tre Autoritatea Na\u021bional\u0103 de Supraveghere a Prelucr\u0103rii Datelor cu Caracter Personal \u2013 cu sediul \u00een Bd. Gheorghe Magheru nr. 28-30, sector 1, Bucure\u0219ti.<\/p>\n<p>&nbsp;<\/p>\n<ol start=\"10\">\n<li><strong>ACTUALIZ\u0102RI ALE NOTEI DE INFORMARE<\/strong><\/li>\n<\/ol>\n<p>Cea mai recent\u0103 actualizare a acestei Note de informare a fost realizat\u0103 \u00een luna\u00a0<strong>iunie<\/strong>\u00a0<strong>2020<\/strong>.<\/p>\n<p>Ne rezerv\u0103m dreptul de a actualiza \u0219i modifica periodic informarea privind prelucrarea datelor, pentru a reflecta orice modific\u0103ri ale modului \u00een care prelucr\u0103m datele dumneavoastr\u0103 cu caracter personal sau orice modific\u0103ri ale cerin\u021belor legale. \u00cen cazul oric\u0103rei astfel de modific\u0103ri, versiunea modificat\u0103 va fi aplicabil\u0103 \u00een termen de 15 zile de la publicarea pe website-ul JOB GRAPH sau de la aducerea acesteia la cuno\u0219tin\u021ba dumneavoastr\u0103 \u00een orice alt\u0103 modalitate.<\/p>","protected":false},"excerpt":{"rendered":"<p>Not\u0103 de informare privind prelucrarea datelor cu caracter personal apar\u021bin\u00e2nd reprezentan\u021bilor\/ angaja\u021bilor\/ contactelor profesionale ale partenerilor JOB GRAPH \u00a0 ANGAJAMENTUL JOB GRAPH CU PRIVIRE LA PRELUCRAREA DATELOR CU CARACTER PERSONAL JOB GRAPH S.R.L.(\u00een continuare denumit\u0103 \u201eJOB GRAPH\u201d) se angajeaz\u0103 s\u0103 implementeze standarde de confiden\u021bialitate \u0219i transparen\u021b\u0103 cu privire la datele cu caracter personal pe care [&hellip;]<\/p>","protected":false},"author":1,"featured_media":0,"parent":0,"menu_order":0,"comment_status":"closed","ping_status":"closed","template":"","meta":{"_acf_changed":false,"footnotes":""},"class_list":["post-37","page","type-page","status-publish","hentry"],"acf":[],"yoast_head":"<!-- This site is optimized with the Yoast SEO plugin v26.4 - https:\/\/yoast.com\/wordpress\/plugins\/seo\/ -->\n<title>Politica GDPR \u27a4 Not\u0103 informativ\u0103 privind datele personale \ud83d\udca2\ufe0f<\/title>\n<meta name=\"description\" content=\"Politica GDPR \u27a4 Not\u0103 informativ\u0103 privind prelucrarea \u0219i protec\u021bia datelor cu caracter personal pe site-ul Oanei Berdil\u0103 \ud83d\udca2\ufe0f\" \/>\n<meta name=\"robots\" content=\"index, follow, max-snippet:-1, max-image-preview:large, max-video-preview:-1\" \/>\n<link rel=\"canonical\" href=\"https:\/\/oanaberdila.com\/en\/politica-gdpr\/\" \/>\n<meta property=\"og:locale\" content=\"en_US\" \/>\n<meta property=\"og:type\" content=\"article\" \/>\n<meta property=\"og:title\" content=\"Politica GDPR \u27a4 Not\u0103 informativ\u0103 privind datele personale \ud83d\udca2\ufe0f\" \/>\n<meta property=\"og:description\" content=\"Politica GDPR \u27a4 Not\u0103 informativ\u0103 privind prelucrarea \u0219i protec\u021bia datelor cu caracter personal pe site-ul Oanei Berdil\u0103 \ud83d\udca2\ufe0f\" \/>\n<meta property=\"og:url\" content=\"https:\/\/oanaberdila.com\/en\/politica-gdpr\/\" \/>\n<meta property=\"og:site_name\" content=\"Oana Berdil\u0103\" \/>\n<meta property=\"article:modified_time\" content=\"2021-04-17T00:08:23+00:00\" \/>\n<meta name=\"twitter:card\" content=\"summary_large_image\" \/>\n<meta name=\"twitter:label1\" content=\"Est. reading time\" \/>\n\t<meta name=\"twitter:data1\" content=\"10 minutes\" \/>\n<script type=\"application\/ld+json\" class=\"yoast-schema-graph\">{\"@context\":\"https:\/\/schema.org\",\"@graph\":[{\"@type\":\"WebPage\",\"@id\":\"https:\/\/oanaberdila.com\/politica-gdpr\/\",\"url\":\"https:\/\/oanaberdila.com\/politica-gdpr\/\",\"name\":\"Politica GDPR \u27a4 Not\u0103 informativ\u0103 privind datele personale \ud83d\udca2\ufe0f\",\"isPartOf\":{\"@id\":\"https:\/\/oanaberdila.com\/#website\"},\"datePublished\":\"2020-12-20T21:56:44+00:00\",\"dateModified\":\"2021-04-17T00:08:23+00:00\",\"description\":\"Politica GDPR \u27a4 Not\u0103 informativ\u0103 privind prelucrarea \u0219i protec\u021bia datelor cu caracter personal pe site-ul Oanei Berdil\u0103 \ud83d\udca2\ufe0f\",\"breadcrumb\":{\"@id\":\"https:\/\/oanaberdila.com\/politica-gdpr\/#breadcrumb\"},\"inLanguage\":\"en-US\",\"potentialAction\":[{\"@type\":\"ReadAction\",\"target\":[\"https:\/\/oanaberdila.com\/politica-gdpr\/\"]}]},{\"@type\":\"BreadcrumbList\",\"@id\":\"https:\/\/oanaberdila.com\/politica-gdpr\/#breadcrumb\",\"itemListElement\":[{\"@type\":\"ListItem\",\"position\":1,\"name\":\"Prima pagin\u0103\",\"item\":\"https:\/\/oanaberdila.com\/\"},{\"@type\":\"ListItem\",\"position\":2,\"name\":\"Politica GDPR\"}]},{\"@type\":\"WebSite\",\"@id\":\"https:\/\/oanaberdila.com\/#website\",\"url\":\"https:\/\/oanaberdila.com\/\",\"name\":\"Oana Berdil\u0103\",\"description\":\"Be SMART by HEART inspirational neurocoaching with Oana Berdil\u0103\",\"publisher\":{\"@id\":\"https:\/\/oanaberdila.com\/#organization\"},\"potentialAction\":[{\"@type\":\"SearchAction\",\"target\":{\"@type\":\"EntryPoint\",\"urlTemplate\":\"https:\/\/oanaberdila.com\/?s={search_term_string}\"},\"query-input\":{\"@type\":\"PropertyValueSpecification\",\"valueRequired\":true,\"valueName\":\"search_term_string\"}}],\"inLanguage\":\"en-US\"},{\"@type\":\"Organization\",\"@id\":\"https:\/\/oanaberdila.com\/#organization\",\"name\":\"Oana Berdil\u0103\",\"url\":\"https:\/\/oanaberdila.com\/\",\"logo\":{\"@type\":\"ImageObject\",\"inLanguage\":\"en-US\",\"@id\":\"https:\/\/oanaberdila.com\/#\/schema\/logo\/image\/\",\"url\":\"https:\/\/oanaberdila.com\/wp-content\/uploads\/2021\/03\/New-logo-NSROana.png\",\"contentUrl\":\"https:\/\/oanaberdila.com\/wp-content\/uploads\/2021\/03\/New-logo-NSROana.png\",\"width\":1024,\"height\":1024,\"caption\":\"Oana Berdil\u0103\"},\"image\":{\"@id\":\"https:\/\/oanaberdila.com\/#\/schema\/logo\/image\/\"}}]}<\/script>\n<!-- \/ Yoast SEO plugin. -->","yoast_head_json":{"title":"Politica GDPR \u27a4 Not\u0103 informativ\u0103 privind datele personale \ud83d\udca2\ufe0f","description":"Politica GDPR \u27a4 Not\u0103 informativ\u0103 privind prelucrarea \u0219i protec\u021bia datelor cu caracter personal pe site-ul Oanei Berdil\u0103 \ud83d\udca2\ufe0f","robots":{"index":"index","follow":"follow","max-snippet":"max-snippet:-1","max-image-preview":"max-image-preview:large","max-video-preview":"max-video-preview:-1"},"canonical":"https:\/\/oanaberdila.com\/en\/politica-gdpr\/","og_locale":"en_US","og_type":"article","og_title":"Politica GDPR \u27a4 Not\u0103 informativ\u0103 privind datele personale \ud83d\udca2\ufe0f","og_description":"Politica GDPR \u27a4 Not\u0103 informativ\u0103 privind prelucrarea \u0219i protec\u021bia datelor cu caracter personal pe site-ul Oanei Berdil\u0103 \ud83d\udca2\ufe0f","og_url":"https:\/\/oanaberdila.com\/en\/politica-gdpr\/","og_site_name":"Oana Berdil\u0103","article_modified_time":"2021-04-17T00:08:23+00:00","twitter_card":"summary_large_image","twitter_misc":{"Est. reading time":"10 minutes"},"schema":{"@context":"https:\/\/schema.org","@graph":[{"@type":"WebPage","@id":"https:\/\/oanaberdila.com\/politica-gdpr\/","url":"https:\/\/oanaberdila.com\/politica-gdpr\/","name":"Politica GDPR \u27a4 Not\u0103 informativ\u0103 privind datele personale \ud83d\udca2\ufe0f","isPartOf":{"@id":"https:\/\/oanaberdila.com\/#website"},"datePublished":"2020-12-20T21:56:44+00:00","dateModified":"2021-04-17T00:08:23+00:00","description":"Politica GDPR \u27a4 Not\u0103 informativ\u0103 privind prelucrarea \u0219i protec\u021bia datelor cu caracter personal pe site-ul Oanei Berdil\u0103 \ud83d\udca2\ufe0f","breadcrumb":{"@id":"https:\/\/oanaberdila.com\/politica-gdpr\/#breadcrumb"},"inLanguage":"en-US","potentialAction":[{"@type":"ReadAction","target":["https:\/\/oanaberdila.com\/politica-gdpr\/"]}]},{"@type":"BreadcrumbList","@id":"https:\/\/oanaberdila.com\/politica-gdpr\/#breadcrumb","itemListElement":[{"@type":"ListItem","position":1,"name":"Prima pagin\u0103","item":"https:\/\/oanaberdila.com\/"},{"@type":"ListItem","position":2,"name":"Politica GDPR"}]},{"@type":"WebSite","@id":"https:\/\/oanaberdila.com\/#website","url":"https:\/\/oanaberdila.com\/","name":"Oana Berdil\u0103","description":"Be SMART by HEART inspirational neurocoaching with Oana Berdil\u0103","publisher":{"@id":"https:\/\/oanaberdila.com\/#organization"},"potentialAction":[{"@type":"SearchAction","target":{"@type":"EntryPoint","urlTemplate":"https:\/\/oanaberdila.com\/?s={search_term_string}"},"query-input":{"@type":"PropertyValueSpecification","valueRequired":true,"valueName":"search_term_string"}}],"inLanguage":"en-US"},{"@type":"Organization","@id":"https:\/\/oanaberdila.com\/#organization","name":"Oana Berdil\u0103","url":"https:\/\/oanaberdila.com\/","logo":{"@type":"ImageObject","inLanguage":"en-US","@id":"https:\/\/oanaberdila.com\/#\/schema\/logo\/image\/","url":"https:\/\/oanaberdila.com\/wp-content\/uploads\/2021\/03\/New-logo-NSROana.png","contentUrl":"https:\/\/oanaberdila.com\/wp-content\/uploads\/2021\/03\/New-logo-NSROana.png","width":1024,"height":1024,"caption":"Oana Berdil\u0103"},"image":{"@id":"https:\/\/oanaberdila.com\/#\/schema\/logo\/image\/"}}]}},"_links":{"self":[{"href":"https:\/\/oanaberdila.com\/en\/wp-json\/wp\/v2\/pages\/37","targetHints":{"allow":["GET"]}}],"collection":[{"href":"https:\/\/oanaberdila.com\/en\/wp-json\/wp\/v2\/pages"}],"about":[{"href":"https:\/\/oanaberdila.com\/en\/wp-json\/wp\/v2\/types\/page"}],"author":[{"embeddable":true,"href":"https:\/\/oanaberdila.com\/en\/wp-json\/wp\/v2\/users\/1"}],"replies":[{"embeddable":true,"href":"https:\/\/oanaberdila.com\/en\/wp-json\/wp\/v2\/comments?post=37"}],"version-history":[{"count":5,"href":"https:\/\/oanaberdila.com\/en\/wp-json\/wp\/v2\/pages\/37\/revisions"}],"predecessor-version":[{"id":3523,"href":"https:\/\/oanaberdila.com\/en\/wp-json\/wp\/v2\/pages\/37\/revisions\/3523"}],"wp:attachment":[{"href":"https:\/\/oanaberdila.com\/en\/wp-json\/wp\/v2\/media?parent=37"}],"curies":[{"name":"wp","href":"https:\/\/api.w.org\/{rel}","templated":true}]}}